{"id":141,"date":"2016-05-17T17:40:44","date_gmt":"2016-05-17T15:40:44","guid":{"rendered":"http:\/\/www.dpsg-andernach.de\/?page_id=141"},"modified":"2024-06-16T13:08:05","modified_gmt":"2024-06-16T12:08:05","slug":"unser-vorstand","status":"publish","type":"page","link":"https:\/\/www.dpsg-andernach.de\/?page_id=141","title":{"rendered":"Unser Vorstand"},"content":{"rendered":"<p>Als Vorstand ist man f\u00fcr die Weiterbildung der Leiter, f\u00fcr administrative T\u00e4tigkeiten sowie Koordination und Pr\u00e4sentation des Stammes nach au\u00dfen hin verantwortlich. Der Vorstand steht im st\u00e4ndigem Kontakt zu anderen Pfadfinderst\u00e4mmen sowie der Gemeinde.<\/p>\n<p>Unser Vorstand besteht aktuell aus:<br \/>\n<strong>Til Sarholz und\u00a0<\/strong> <strong>Petra K\u00fcnster<\/strong><\/p>\n","protected":false},"excerpt":{"rendered":"<p>Als Vorstand ist man f\u00fcr die Weiterbildung der Leiter, f\u00fcr administrative T\u00e4tigkeiten sowie Koordination und Pr\u00e4sentation des Stammes nach au\u00dfen hin verantwortlich. Der Vorstand steht im st\u00e4ndigem Kontakt zu anderen Pfadfinderst\u00e4mmen sowie der Gemeinde. Unser Vorstand besteht aktuell aus: Til Sarholz und\u00a0 Petra K\u00fcnster<\/p>\n","protected":false},"author":5,"featured_media":0,"parent":23,"menu_order":0,"comment_status":"open","ping_status":"open","template":"","meta":{"sfsi_plus_gutenberg_text_before_share":"","sfsi_plus_gutenberg_show_text_before_share":"","sfsi_plus_gutenberg_icon_type":"","sfsi_plus_gutenberg_icon_alignemt":"","sfsi_plus_gutenburg_max_per_row":""},"_links":{"self":[{"href":"https:\/\/www.dpsg-andernach.de\/index.php?rest_route=\/wp\/v2\/pages\/141"}],"collection":[{"href":"https:\/\/www.dpsg-andernach.de\/index.php?rest_route=\/wp\/v2\/pages"}],"about":[{"href":"https:\/\/www.dpsg-andernach.de\/index.php?rest_route=\/wp\/v2\/types\/page"}],"author":[{"embeddable":true,"href":"https:\/\/www.dpsg-andernach.de\/index.php?rest_route=\/wp\/v2\/users\/5"}],"replies":[{"embeddable":true,"href":"https:\/\/www.dpsg-andernach.de\/index.php?rest_route=%2Fwp%2Fv2%2Fcomments&post=141"}],"version-history":[{"count":14,"href":"https:\/\/www.dpsg-andernach.de\/index.php?rest_route=\/wp\/v2\/pages\/141\/revisions"}],"predecessor-version":[{"id":1120,"href":"https:\/\/www.dpsg-andernach.de\/index.php?rest_route=\/wp\/v2\/pages\/141\/revisions\/1120"}],"up":[{"embeddable":true,"href":"https:\/\/www.dpsg-andernach.de\/index.php?rest_route=\/wp\/v2\/pages\/23"}],"wp:attachment":[{"href":"https:\/\/www.dpsg-andernach.de\/index.php?rest_route=%2Fwp%2Fv2%2Fmedia&parent=141"}],"curies":[{"name":"wp","href":"https:\/\/api.w.org\/{rel}","templated":true}]}}